{"id":3726,"date":"2023-07-07T17:56:05","date_gmt":"2023-07-07T15:56:05","guid":{"rendered":"https:\/\/www.latelierdemichel.com\/?page_id=3726"},"modified":"2023-07-25T23:18:51","modified_gmt":"2023-07-25T21:18:51","slug":"artisan-de-la-foi","status":"publish","type":"page","link":"https:\/\/www.latelierdemichel.com\/index.php\/artisan-de-la-foi\/","title":{"rendered":"Artisan de la Foi"},"content":{"rendered":"<p>[et_pb_section fb_built=\u00a0\u00bb1&Prime; _builder_version=\u00a0\u00bb4.21.0&Prime; background_enable_color=\u00a0\u00bboff\u00a0\u00bb use_background_color_gradient=\u00a0\u00bboff\u00a0\u00bb custom_padding=\u00a0\u00bb167px|0px|0px|0px||\u00a0\u00bb global_colors_info=\u00a0\u00bb{}\u00a0\u00bb background__hover_enabled=\u00a0\u00bboff|desktop\u00a0\u00bb min_height=\u00a0\u00bb1469.1px\u00a0\u00bb custom_margin=\u00a0\u00bb||-34px|||\u00a0\u00bb][et_pb_row _builder_version=\u00a0\u00bb4.16&Prime; background_size=\u00a0\u00bbinitial\u00a0\u00bb background_position=\u00a0\u00bbtop_left\u00a0\u00bb background_repeat=\u00a0\u00bbrepeat\u00a0\u00bb global_colors_info=\u00a0\u00bb{}\u00a0\u00bb][et_pb_column type=\u00a0\u00bb4_4&Prime; _builder_version=\u00a0\u00bb4.16&Prime; custom_padding=\u00a0\u00bb|||\u00a0\u00bb global_colors_info=\u00a0\u00bb{}\u00a0\u00bb custom_padding__hover=\u00a0\u00bb|||\u00a0\u00bb][et_pb_text _builder_version=\u00a0\u00bb4.16&Prime; text_font=\u00a0\u00bb||||||||\u00a0\u00bb header_font=\u00a0\u00bbAguafina Script||||||||\u00a0\u00bb header_text_color=\u00a0\u00bb#000000&Prime; header_font_size=\u00a0\u00bb100px\u00a0\u00bb header_letter_spacing=\u00a0\u00bb10px\u00a0\u00bb header_text_shadow_style=\u00a0\u00bbpreset1&Prime; global_colors_info=\u00a0\u00bb{}\u00a0\u00bb]<\/p>\n<h1 style=\"text-align: center;\">Artisan de la foi<\/h1>\n<p>[\/et_pb_text][\/et_pb_column][\/et_pb_row][et_pb_row _builder_version=\u00a0\u00bb4.16&Prime; global_colors_info=\u00a0\u00bb{}\u00a0\u00bb][et_pb_column type=\u00a0\u00bb4_4&Prime; _builder_version=\u00a0\u00bb4.16&Prime; custom_padding=\u00a0\u00bb|||\u00a0\u00bb global_colors_info=\u00a0\u00bb{}\u00a0\u00bb custom_padding__hover=\u00a0\u00bb|||\u00a0\u00bb][et_pb_slider _builder_version=\u00a0\u00bb4.21.0&Prime; animation_style=\u00a0\u00bbfade\u00a0\u00bb animation_duration=\u00a0\u00bb1200ms\u00a0\u00bb auto=\u00a0\u00bbon\u00a0\u00bb link_option_url=\u00a0\u00bbhttps:\/\/www.latelierdemichel.com\/index.php\/produit\/croix-en-bois-ecriture-jesus\/\u00a0\u00bb hover_enabled=\u00a0\u00bb0&Prime; global_colors_info=\u00a0\u00bb{}\u00a0\u00bb sticky_enabled=\u00a0\u00bb0&Prime;][et_pb_slide heading=\u00a0\u00bbCroix avec \u00e9criture J\u00e9sus\u00a0\u00bb button_text=\u00a0\u00bbAcc\u00e9der\u00a0\u00bb button_link=\u00a0\u00bbhttps:\/\/www.latelierdemichel.com\/index.php\/produit\/croix-en-bois-ecriture-jesus\/\u00a0\u00bb _builder_version=\u00a0\u00bb4.21.0&Prime; header_text_color=\u00a0\u00bb#FFFFFF\u00a0\u00bb background_color=\u00a0\u00bbrgba(0,0,0,0)\u00a0\u00bb background_enable_color=\u00a0\u00bbon\u00a0\u00bb link_option_url=\u00a0\u00bbhttps:\/\/www.latelierdemichel.com\/index.php\/produit\/croix-en-bois-ecriture-jesus\/\u00a0\u00bb hover_enabled=\u00a0\u00bb0&Prime; global_colors_info=\u00a0\u00bb{}\u00a0\u00bb sticky_transition=\u00a0\u00bbon\u00a0\u00bb alt=\u00a0\u00bbcroix en bois avec \u00e9criture j\u00e9sus\u00a0\u00bb title_text=\u00a0\u00bbcroix ecriture jesus\u00a0\u00bb background_image=\u00a0\u00bbhttps:\/\/www.latelierdemichel.com\/wp-content\/uploads\/2023\/07\/croix-ecriture-jesus.jpg\u00a0\u00bb background_enable_image=\u00a0\u00bbon\u00a0\u00bb background_size=\u00a0\u00bbcontain\u00a0\u00bb text_shadow_style=\u00a0\u00bbpreset5&Prime; text_shadow_color=\u00a0\u00bb#FFFFFF\u00a0\u00bb header_text_shadow_style=\u00a0\u00bbpreset5&Prime; custom_button=\u00a0\u00bbon\u00a0\u00bb button_text_color=\u00a0\u00bb#FFFFFF\u00a0\u00bb button_border_color=\u00a0\u00bb#FFFFFF\u00a0\u00bb button_text_shadow_style=\u00a0\u00bbpreset5&Prime; sticky_enabled=\u00a0\u00bb0&Prime;][\/et_pb_slide][et_pb_slide heading=\u00a0\u00bbCroix avec \u00e9criture J\u00e9sus\u00a0\u00bb button_text=\u00a0\u00bbAcc\u00e9der\u00a0\u00bb button_link=\u00a0\u00bbhttps:\/\/www.latelierdemichel.com\/index.php\/produit\/croix-en-bois-ecriture-jesus\/\u00a0\u00bb _builder_version=\u00a0\u00bb4.21.0&Prime; header_text_color=\u00a0\u00bb#FFFFFF\u00a0\u00bb background_color=\u00a0\u00bbrgba(0,0,0,0)\u00a0\u00bb background_enable_color=\u00a0\u00bbon\u00a0\u00bb link_option_url=\u00a0\u00bbhttps:\/\/www.latelierdemichel.com\/index.php\/produit\/croix-en-bois-ecriture-jesus\/\u00a0\u00bb hover_enabled=\u00a0\u00bb0&Prime; global_colors_info=\u00a0\u00bb{}\u00a0\u00bb sticky_transition=\u00a0\u00bbon\u00a0\u00bb alt=\u00a0\u00bbcroix en bois avec l&rsquo;\u00e9criture jesus\u00a0\u00bb title_text=\u00a0\u00bbcroix ecriture jesus horizon\u00a0\u00bb background_image=\u00a0\u00bbhttps:\/\/www.latelierdemichel.com\/wp-content\/uploads\/2023\/07\/croix-ecriture-jesus-horizon.jpg\u00a0\u00bb background_enable_image=\u00a0\u00bbon\u00a0\u00bb background_size=\u00a0\u00bbcontain\u00a0\u00bb text_shadow_style=\u00a0\u00bbpreset5&Prime; text_shadow_color=\u00a0\u00bb#FFFFFF\u00a0\u00bb header_text_shadow_style=\u00a0\u00bbpreset5&Prime; custom_button=\u00a0\u00bbon\u00a0\u00bb button_text_color=\u00a0\u00bb#FFFFFF\u00a0\u00bb button_border_color=\u00a0\u00bb#FFFFFF\u00a0\u00bb button_text_shadow_style=\u00a0\u00bbpreset5&Prime; sticky_enabled=\u00a0\u00bb0&Prime;][\/et_pb_slide][\/et_pb_slider][et_pb_slider _builder_version=\u00a0\u00bb4.21.0&Prime; animation_style=\u00a0\u00bbfade\u00a0\u00bb animation_duration=\u00a0\u00bb1200ms\u00a0\u00bb auto=\u00a0\u00bbon\u00a0\u00bb link_option_url=\u00a0\u00bbhttps:\/\/www.latelierdemichel.com\/index.php\/produit\/poisson-chretien\/\u00a0\u00bb hover_enabled=\u00a0\u00bb0&Prime; global_colors_info=\u00a0\u00bb{}\u00a0\u00bb sticky_enabled=\u00a0\u00bb0&Prime;][et_pb_slide heading=\u00a0\u00bbPoisson Chr\u00e9tien\u00a0\u00bb button_text=\u00a0\u00bbAcc\u00e9der\u00a0\u00bb button_link=\u00a0\u00bbhttps:\/\/www.latelierdemichel.com\/index.php\/produit\/poisson-chretien\/\u00a0\u00bb _builder_version=\u00a0\u00bb4.21.0&Prime; header_text_color=\u00a0\u00bb#FFFFFF\u00a0\u00bb background_color=\u00a0\u00bbrgba(0,0,0,0)\u00a0\u00bb background_enable_color=\u00a0\u00bbon\u00a0\u00bb background_layout=\u00a0\u00bblight\u00a0\u00bb link_option_url=\u00a0\u00bbhttps:\/\/www.latelierdemichel.com\/index.php\/produit\/poisson-chretien\/\u00a0\u00bb hover_enabled=\u00a0\u00bb0&Prime; global_colors_info=\u00a0\u00bb{}\u00a0\u00bb sticky_transition=\u00a0\u00bbon\u00a0\u00bb title_text=\u00a0\u00bbpoisson chretien\u00a0\u00bb background_image=\u00a0\u00bbhttps:\/\/www.latelierdemichel.com\/wp-content\/uploads\/2023\/07\/poisson-chretien.jpg\u00a0\u00bb background_enable_image=\u00a0\u00bbon\u00a0\u00bb sticky_enabled=\u00a0\u00bb0&Prime; background_size=\u00a0\u00bbcontain\u00a0\u00bb header_text_shadow_style=\u00a0\u00bbpreset5&Prime; custom_button=\u00a0\u00bbon\u00a0\u00bb button_text_color=\u00a0\u00bb#FFFFFF\u00a0\u00bb button_border_color=\u00a0\u00bb#FFFFFF\u00a0\u00bb][\/et_pb_slide][et_pb_slide heading=\u00a0\u00bbPoisson Chr\u00e9tien\u00a0\u00bb button_text=\u00a0\u00bbAcc\u00e9der\u00a0\u00bb button_link=\u00a0\u00bbhttps:\/\/www.latelierdemichel.com\/index.php\/produit\/poisson-chretien\/\u00a0\u00bb _builder_version=\u00a0\u00bb4.21.0&Prime; header_text_color=\u00a0\u00bb#FFFFFF\u00a0\u00bb background_color=\u00a0\u00bbrgba(0,0,0,0)\u00a0\u00bb background_enable_color=\u00a0\u00bbon\u00a0\u00bb background_layout=\u00a0\u00bblight\u00a0\u00bb link_option_url=\u00a0\u00bbhttps:\/\/www.latelierdemichel.com\/index.php\/produit\/poisson-chretien\/\u00a0\u00bb hover_enabled=\u00a0\u00bb0&Prime; global_colors_info=\u00a0\u00bb{}\u00a0\u00bb sticky_transition=\u00a0\u00bbon\u00a0\u00bb title_text=\u00a0\u00bbpoisson chretien 2&Prime; background_image=\u00a0\u00bbhttps:\/\/www.latelierdemichel.com\/wp-content\/uploads\/2023\/07\/poisson-chretien-2.jpg\u00a0\u00bb background_enable_image=\u00a0\u00bbon\u00a0\u00bb background_size=\u00a0\u00bbcontain\u00a0\u00bb sticky_enabled=\u00a0\u00bb0&Prime; body_text_color=\u00a0\u00bb#FFFFFF\u00a0\u00bb body_text_shadow_style=\u00a0\u00bbpreset5&Prime; custom_button=\u00a0\u00bbon\u00a0\u00bb button_text_color=\u00a0\u00bb#FFFFFF\u00a0\u00bb button_border_color=\u00a0\u00bb#FFFFFF\u00a0\u00bb header_text_shadow_style=\u00a0\u00bbpreset5&Prime;][\/et_pb_slide][\/et_pb_slider][et_pb_slider _builder_version=\u00a0\u00bb4.21.0&Prime; animation_style=\u00a0\u00bbfade\u00a0\u00bb animation_duration=\u00a0\u00bb1200ms\u00a0\u00bb auto=\u00a0\u00bbon\u00a0\u00bb link_option_url=\u00a0\u00bbhttps:\/\/www.latelierdemichel.com\/index.php\/produit\/priere-du-notre-pere-croix-jesus\/\u00a0\u00bb hover_enabled=\u00a0\u00bb0&Prime; global_colors_info=\u00a0\u00bb{}\u00a0\u00bb min_height=\u00a0\u00bb312.7px\u00a0\u00bb alt=\u00a0\u00bbMatthieu 6:9-13 Voici donc comment vous devez prier: Notre P\u00e8re qui es aux cieux! &#8230; Pri\u00e8re du Notre P\u00e8re Croix J\u00e9sus en bois naturel, finition huil\u00e9e. Taille 25 cm de hauteur, 25 cm de largeur, 1.9cm \u00e9paisseur. Fabrication artisanale Fran\u00e7aise Bois naturel finition huil\u00e9e Touche de modernit\u00e9 pour votre int\u00e9rieur Travail artisanal Artisanat Fran\u00e7ais\u00a0\u00bb title_text=\u00a0\u00bbNotre P\u00e8re croix J\u00e9sus louis second bible Matthieu 6 9&Prime; background_image=\u00a0\u00bbhttps:\/\/www.latelierdemichel.com\/wp-content\/uploads\/2023\/07\/Notre-Pere-croix-Jesus-louis-second-bible-Matthieu-6-9.jpg\u00a0\u00bb background_size=\u00a0\u00bbcontain\u00a0\u00bb sticky_enabled=\u00a0\u00bb0&Prime;][et_pb_slide heading=\u00a0\u00bbPri\u00e8re du Notre P\u00e8re croix J\u00e9sus\u00a0\u00bb button_text=\u00a0\u00bbAcc\u00e9der\u00a0\u00bb button_link=\u00a0\u00bbhttps:\/\/www.latelierdemichel.com\/index.php\/produit\/priere-du-notre-pere-croix-jesus\/\u00a0\u00bb _builder_version=\u00a0\u00bb4.21.0&Prime; header_text_color=\u00a0\u00bb#FFFFFF\u00a0\u00bb background_color=\u00a0\u00bbrgba(0,0,0,0)\u00a0\u00bb background_enable_color=\u00a0\u00bbon\u00a0\u00bb link_option_url=\u00a0\u00bbhttps:\/\/www.latelierdemichel.com\/index.php\/produit\/priere-du-notre-pere-croix-jesus\/\u00a0\u00bb hover_enabled=\u00a0\u00bb0&Prime; global_colors_info=\u00a0\u00bb{}\u00a0\u00bb sticky_transition=\u00a0\u00bbon\u00a0\u00bb use_bg_overlay=\u00a0\u00bboff\u00a0\u00bb sticky_enabled=\u00a0\u00bb0&Prime; text_shadow_style=\u00a0\u00bbpreset2&Prime; header_font=\u00a0\u00bb||||||||\u00a0\u00bb header_text_shadow_style=\u00a0\u00bbpreset5&Prime; custom_button=\u00a0\u00bbon\u00a0\u00bb button_text_color=\u00a0\u00bb#FFFFFF\u00a0\u00bb button_border_color=\u00a0\u00bb#FFFFFF\u00a0\u00bb][\/et_pb_slide][\/et_pb_slider][\/et_pb_column][\/et_pb_row][\/et_pb_section]<\/p>\n","protected":false},"excerpt":{"rendered":"<p>Artisan de la foi<\/p>\n","protected":false},"author":2,"featured_media":0,"parent":0,"menu_order":0,"comment_status":"closed","ping_status":"closed","template":"","meta":{"_et_pb_use_builder":"on","_et_pb_old_content":"","_et_gb_content_width":"","_monsterinsights_skip_tracking":false,"_monsterinsights_sitenote_active":false,"_monsterinsights_sitenote_note":"","_monsterinsights_sitenote_category":0,"footnotes":""},"class_list":["post-3726","page","type-page","status-publish","hentry"],"yoast_head":"<!-- This site is optimized with the Yoast SEO plugin v27.0 - https:\/\/yoast.com\/product\/yoast-seo-wordpress\/ -->\n<title>Artisan de la Foi - l&#039;atelier de michel<\/title>\n<meta name=\"robots\" content=\"index, follow, max-snippet:-1, max-image-preview:large, max-video-preview:-1\" \/>\n<link rel=\"canonical\" href=\"https:\/\/www.latelierdemichel.com\/index.php\/artisan-de-la-foi\/\" \/>\n<meta property=\"og:locale\" content=\"fr_FR\" \/>\n<meta property=\"og:type\" content=\"article\" \/>\n<meta property=\"og:title\" content=\"Artisan de la Foi - l&#039;atelier de michel\" \/>\n<meta property=\"og:description\" content=\"Artisan de la foi\" \/>\n<meta property=\"og:url\" content=\"https:\/\/www.latelierdemichel.com\/index.php\/artisan-de-la-foi\/\" \/>\n<meta property=\"og:site_name\" content=\"l&#039;atelier de michel\" \/>\n<meta property=\"article:publisher\" content=\"https:\/\/www.facebook.com\/ponchel.emmanuel.menuiserie\/\" \/>\n<meta property=\"article:modified_time\" content=\"2023-07-25T21:18:51+00:00\" \/>\n<meta name=\"twitter:card\" content=\"summary_large_image\" \/>\n<script type=\"application\/ld+json\" class=\"yoast-schema-graph\">{\"@context\":\"https:\/\/schema.org\",\"@graph\":[{\"@type\":\"WebPage\",\"@id\":\"https:\/\/www.latelierdemichel.com\/index.php\/artisan-de-la-foi\/\",\"url\":\"https:\/\/www.latelierdemichel.com\/index.php\/artisan-de-la-foi\/\",\"name\":\"Artisan de la Foi - l&#039;atelier de michel\",\"isPartOf\":{\"@id\":\"https:\/\/www.latelierdemichel.com\/#website\"},\"datePublished\":\"2023-07-07T15:56:05+00:00\",\"dateModified\":\"2023-07-25T21:18:51+00:00\",\"breadcrumb\":{\"@id\":\"https:\/\/www.latelierdemichel.com\/index.php\/artisan-de-la-foi\/#breadcrumb\"},\"inLanguage\":\"fr-FR\",\"potentialAction\":[{\"@type\":\"ReadAction\",\"target\":[\"https:\/\/www.latelierdemichel.com\/index.php\/artisan-de-la-foi\/\"]}]},{\"@type\":\"BreadcrumbList\",\"@id\":\"https:\/\/www.latelierdemichel.com\/index.php\/artisan-de-la-foi\/#breadcrumb\",\"itemListElement\":[{\"@type\":\"ListItem\",\"position\":1,\"name\":\"Accueil\",\"item\":\"https:\/\/www.latelierdemichel.com\/\"},{\"@type\":\"ListItem\",\"position\":2,\"name\":\"Artisan de la Foi\"}]},{\"@type\":\"WebSite\",\"@id\":\"https:\/\/www.latelierdemichel.com\/#website\",\"url\":\"https:\/\/www.latelierdemichel.com\/\",\"name\":\"l&#039;atelier de michel\",\"description\":\"\",\"potentialAction\":[{\"@type\":\"SearchAction\",\"target\":{\"@type\":\"EntryPoint\",\"urlTemplate\":\"https:\/\/www.latelierdemichel.com\/?s={search_term_string}\"},\"query-input\":{\"@type\":\"PropertyValueSpecification\",\"valueRequired\":true,\"valueName\":\"search_term_string\"}}],\"inLanguage\":\"fr-FR\"}]}<\/script>\n<!-- \/ Yoast SEO plugin. -->","yoast_head_json":{"title":"Artisan de la Foi - l&#039;atelier de michel","robots":{"index":"index","follow":"follow","max-snippet":"max-snippet:-1","max-image-preview":"max-image-preview:large","max-video-preview":"max-video-preview:-1"},"canonical":"https:\/\/www.latelierdemichel.com\/index.php\/artisan-de-la-foi\/","og_locale":"fr_FR","og_type":"article","og_title":"Artisan de la Foi - l&#039;atelier de michel","og_description":"Artisan de la foi","og_url":"https:\/\/www.latelierdemichel.com\/index.php\/artisan-de-la-foi\/","og_site_name":"l&#039;atelier de michel","article_publisher":"https:\/\/www.facebook.com\/ponchel.emmanuel.menuiserie\/","article_modified_time":"2023-07-25T21:18:51+00:00","twitter_card":"summary_large_image","schema":{"@context":"https:\/\/schema.org","@graph":[{"@type":"WebPage","@id":"https:\/\/www.latelierdemichel.com\/index.php\/artisan-de-la-foi\/","url":"https:\/\/www.latelierdemichel.com\/index.php\/artisan-de-la-foi\/","name":"Artisan de la Foi - l&#039;atelier de michel","isPartOf":{"@id":"https:\/\/www.latelierdemichel.com\/#website"},"datePublished":"2023-07-07T15:56:05+00:00","dateModified":"2023-07-25T21:18:51+00:00","breadcrumb":{"@id":"https:\/\/www.latelierdemichel.com\/index.php\/artisan-de-la-foi\/#breadcrumb"},"inLanguage":"fr-FR","potentialAction":[{"@type":"ReadAction","target":["https:\/\/www.latelierdemichel.com\/index.php\/artisan-de-la-foi\/"]}]},{"@type":"BreadcrumbList","@id":"https:\/\/www.latelierdemichel.com\/index.php\/artisan-de-la-foi\/#breadcrumb","itemListElement":[{"@type":"ListItem","position":1,"name":"Accueil","item":"https:\/\/www.latelierdemichel.com\/"},{"@type":"ListItem","position":2,"name":"Artisan de la Foi"}]},{"@type":"WebSite","@id":"https:\/\/www.latelierdemichel.com\/#website","url":"https:\/\/www.latelierdemichel.com\/","name":"l&#039;atelier de michel","description":"","potentialAction":[{"@type":"SearchAction","target":{"@type":"EntryPoint","urlTemplate":"https:\/\/www.latelierdemichel.com\/?s={search_term_string}"},"query-input":{"@type":"PropertyValueSpecification","valueRequired":true,"valueName":"search_term_string"}}],"inLanguage":"fr-FR"}]}},"jetpack_sharing_enabled":true,"_links":{"self":[{"href":"https:\/\/www.latelierdemichel.com\/index.php\/wp-json\/wp\/v2\/pages\/3726","targetHints":{"allow":["GET"]}}],"collection":[{"href":"https:\/\/www.latelierdemichel.com\/index.php\/wp-json\/wp\/v2\/pages"}],"about":[{"href":"https:\/\/www.latelierdemichel.com\/index.php\/wp-json\/wp\/v2\/types\/page"}],"author":[{"embeddable":true,"href":"https:\/\/www.latelierdemichel.com\/index.php\/wp-json\/wp\/v2\/users\/2"}],"replies":[{"embeddable":true,"href":"https:\/\/www.latelierdemichel.com\/index.php\/wp-json\/wp\/v2\/comments?post=3726"}],"version-history":[{"count":10,"href":"https:\/\/www.latelierdemichel.com\/index.php\/wp-json\/wp\/v2\/pages\/3726\/revisions"}],"predecessor-version":[{"id":3866,"href":"https:\/\/www.latelierdemichel.com\/index.php\/wp-json\/wp\/v2\/pages\/3726\/revisions\/3866"}],"wp:attachment":[{"href":"https:\/\/www.latelierdemichel.com\/index.php\/wp-json\/wp\/v2\/media?parent=3726"}],"curies":[{"name":"wp","href":"https:\/\/api.w.org\/{rel}","templated":true}]}}