{"id":3804,"date":"2023-07-15T20:04:20","date_gmt":"2023-07-15T18:04:20","guid":{"rendered":"https:\/\/www.latelierdemichel.com\/?post_type=product&#038;p=3804"},"modified":"2023-07-15T20:56:45","modified_gmt":"2023-07-15T18:56:45","slug":"priere-du-notre-pere-croix-jesus","status":"publish","type":"product","link":"https:\/\/www.latelierdemichel.com\/index.php\/produit\/priere-du-notre-pere-croix-jesus\/","title":{"rendered":"Pri\u00e8re du Notre P\u00e8re croix J\u00e9sus"},"content":{"rendered":"<div id=\"productDescription_feature_div\" class=\"celwidget\" data-feature-name=\"productDescription\" data-csa-c-type=\"widget\" data-csa-c-content-id=\"productDescription\" data-csa-c-slot-id=\"productDescription_feature_div\" data-csa-c-asin=\"B0CB9GV79C\" data-csa-c-is-in-initial-active-row=\"false\" data-csa-c-id=\"rzm0e-1f70a4-xn9pmm-vtfboj\" data-cel-widget=\"productDescription_feature_div\">\n<div id=\"productDescription\" class=\"a-section a-spacing-small\">\n<p>Matthieu 6:9-13 Voici donc comment vous devez prier: Notre P\u00e8re qui es aux cieux! &#8230;<\/p>\n<p>Pri\u00e8re du Notre P\u00e8re Croix J\u00e9sus en bois naturel,<\/p>\n<p>finition huil\u00e9e.<\/p>\n<p>Taille 25 cm de hauteur, 25 cm de largeur, 1.9cm \u00e9paisseur.<\/p>\n<p>Fabrication artisanale Fran\u00e7aise<\/p>\n<\/div>\n<\/div>\n<div id=\"featurebullets_feature_div\" class=\"celwidget\" data-feature-name=\"featurebullets\" data-csa-c-type=\"widget\" data-csa-c-content-id=\"featurebullets\" data-csa-c-slot-id=\"featurebullets_feature_div\" data-csa-c-asin=\"B0CB9GV79C\" data-csa-c-is-in-initial-active-row=\"false\" data-csa-c-id=\"uwfirs-8h0454-l200hg-3vzrq7\" data-cel-widget=\"featurebullets_feature_div\">\n<div id=\"feature-bullets\" class=\"a-section a-spacing-medium a-spacing-top-small\">\n<ul class=\"a-unordered-list a-vertical a-spacing-mini\">\n<li class=\"a-spacing-mini\"><span class=\"a-list-item\">Bois naturel<\/span><\/li>\n<li class=\"a-spacing-mini\"><span class=\"a-list-item\">finition huil\u00e9e<\/span><\/li>\n<li class=\"a-spacing-mini\"><span class=\"a-list-item\">Touche de modernit\u00e9 pour votre int\u00e9rieur<\/span><\/li>\n<li class=\"a-spacing-mini\"><span class=\"a-list-item\">Travail artisanal<\/span><\/li>\n<li class=\"a-spacing-mini\"><span class=\"a-list-item\">Artisanat Fran\u00e7ais<\/span><\/li>\n<\/ul>\n<\/div>\n<\/div>\n","protected":false},"excerpt":{"rendered":"<p>Matthieu 6:9-13 Voici donc comment vous devez prier: Notre P\u00e8re qui es aux cieux! &#8230; Pri\u00e8re du Notre P\u00e8re Croix J\u00e9sus en bois naturel, finition huil\u00e9e. Taille 25 cm de hauteur, 25 cm de largeur, 1.9cm \u00e9paisseur. Fabrication artisanale Fran\u00e7aise Bois naturel finition huil\u00e9e Touche de modernit\u00e9 pour votre int\u00e9rieur Travail artisanal Artisanat Fran\u00e7ais<\/p>\n","protected":false},"featured_media":3805,"template":"","meta":{"_et_pb_use_builder":"","_et_pb_old_content":"","_et_gb_content_width":"","_monsterinsights_skip_tracking":false,"_monsterinsights_sitenote_active":false,"_monsterinsights_sitenote_note":"","_monsterinsights_sitenote_category":0},"product_brand":[],"product_cat":[81],"product_tag":[93],"class_list":{"0":"post-3804","1":"product","2":"type-product","3":"status-publish","4":"has-post-thumbnail","6":"product_cat-artisan-de-la-foi","7":"product_tag-notrepere","9":"first","10":"instock","11":"shipping-taxable","12":"purchasable","13":"product-type-variable"},"yoast_head":"<!-- This site is optimized with the Yoast SEO plugin v27.0 - https:\/\/yoast.com\/product\/yoast-seo-wordpress\/ -->\n<title>Pri\u00e8re du Notre P\u00e8re croix J\u00e9sus - l&#039;atelier de michel<\/title>\n<meta name=\"robots\" content=\"index, follow, max-snippet:-1, max-image-preview:large, max-video-preview:-1\" \/>\n<link rel=\"canonical\" href=\"https:\/\/www.latelierdemichel.com\/index.php\/produit\/priere-du-notre-pere-croix-jesus\/\" \/>\n<meta property=\"og:locale\" content=\"fr_FR\" \/>\n<meta property=\"og:type\" content=\"article\" \/>\n<meta property=\"og:title\" content=\"Pri\u00e8re du Notre P\u00e8re croix J\u00e9sus\" \/>\n<meta property=\"og:description\" content=\"Matthieu 6:9-13 Voici donc comment vous devez prier: Notre P\u00e8re qui es aux cieux! ...Pri\u00e8re du Notre P\u00e8re Croix J\u00e9sus en bois naturel,finition huil\u00e9e.Taille 25 cm de hauteur, 25 cm de largeur, 1.9cm \u00e9paisseur.Fabrication artisanale Fran\u00e7aiseBois naturelfinition huil\u00e9eTouche de modernit\u00e9 pour votre int\u00e9rieurTravail artisanalArtisanat Fran\u00e7ais\" \/>\n<meta property=\"og:url\" content=\"https:\/\/www.latelierdemichel.com\/index.php\/produit\/priere-du-notre-pere-croix-jesus\/\" \/>\n<meta property=\"og:site_name\" content=\"l&#039;atelier de michel\" \/>\n<meta property=\"article:publisher\" content=\"https:\/\/www.facebook.com\/ponchel.emmanuel.menuiserie\/\" \/>\n<meta property=\"article:modified_time\" content=\"2023-07-15T18:56:45+00:00\" \/>\n<meta property=\"og:image\" content=\"https:\/\/www.latelierdemichel.com\/wp-content\/uploads\/2023\/07\/Notre-Pere-croix-Jesus-louis-second-bible-Matthieu-6-9.jpg\" \/>\n\t<meta property=\"og:image:width\" content=\"2849\" \/>\n\t<meta property=\"og:image:height\" content=\"2928\" \/>\n\t<meta property=\"og:image:type\" content=\"image\/jpeg\" \/>\n<meta name=\"twitter:card\" content=\"summary_large_image\" \/>\n<meta name=\"twitter:label1\" content=\"Dur\u00e9e de lecture estim\u00e9e\" \/>\n\t<meta name=\"twitter:data1\" content=\"1 minute\" \/>\n<script type=\"application\/ld+json\" class=\"yoast-schema-graph\">{\"@context\":\"https:\/\/schema.org\",\"@graph\":[{\"@type\":\"WebPage\",\"@id\":\"https:\/\/www.latelierdemichel.com\/index.php\/produit\/priere-du-notre-pere-croix-jesus\/\",\"url\":\"https:\/\/www.latelierdemichel.com\/index.php\/produit\/priere-du-notre-pere-croix-jesus\/\",\"name\":\"Pri\u00e8re du Notre P\u00e8re croix J\u00e9sus - l&#039;atelier de michel\",\"isPartOf\":{\"@id\":\"https:\/\/www.latelierdemichel.com\/#website\"},\"primaryImageOfPage\":{\"@id\":\"https:\/\/www.latelierdemichel.com\/index.php\/produit\/priere-du-notre-pere-croix-jesus\/#primaryimage\"},\"image\":{\"@id\":\"https:\/\/www.latelierdemichel.com\/index.php\/produit\/priere-du-notre-pere-croix-jesus\/#primaryimage\"},\"thumbnailUrl\":\"https:\/\/www.latelierdemichel.com\/wp-content\/uploads\/2023\/07\/Notre-Pere-croix-Jesus-louis-second-bible-Matthieu-6-9.jpg\",\"datePublished\":\"2023-07-15T18:04:20+00:00\",\"dateModified\":\"2023-07-15T18:56:45+00:00\",\"breadcrumb\":{\"@id\":\"https:\/\/www.latelierdemichel.com\/index.php\/produit\/priere-du-notre-pere-croix-jesus\/#breadcrumb\"},\"inLanguage\":\"fr-FR\",\"potentialAction\":[{\"@type\":\"ReadAction\",\"target\":[\"https:\/\/www.latelierdemichel.com\/index.php\/produit\/priere-du-notre-pere-croix-jesus\/\"]}]},{\"@type\":\"ImageObject\",\"inLanguage\":\"fr-FR\",\"@id\":\"https:\/\/www.latelierdemichel.com\/index.php\/produit\/priere-du-notre-pere-croix-jesus\/#primaryimage\",\"url\":\"https:\/\/www.latelierdemichel.com\/wp-content\/uploads\/2023\/07\/Notre-Pere-croix-Jesus-louis-second-bible-Matthieu-6-9.jpg\",\"contentUrl\":\"https:\/\/www.latelierdemichel.com\/wp-content\/uploads\/2023\/07\/Notre-Pere-croix-Jesus-louis-second-bible-Matthieu-6-9.jpg\",\"width\":2849,\"height\":2928,\"caption\":\"Matthieu 6:9-13 Voici donc comment vous devez prier: Notre P\u00e8re qui es aux cieux! ... Pri\u00e8re du Notre P\u00e8re Croix J\u00e9sus en bois naturel, finition huil\u00e9e. Taille 25 cm de hauteur, 25 cm de largeur, 1.9cm \u00e9paisseur. Fabrication artisanale Fran\u00e7aise Bois naturel finition huil\u00e9e Touche de modernit\u00e9 pour votre int\u00e9rieur Travail artisanal Artisanat Fran\u00e7ais\"},{\"@type\":\"BreadcrumbList\",\"@id\":\"https:\/\/www.latelierdemichel.com\/index.php\/produit\/priere-du-notre-pere-croix-jesus\/#breadcrumb\",\"itemListElement\":[{\"@type\":\"ListItem\",\"position\":1,\"name\":\"Accueil\",\"item\":\"https:\/\/www.latelierdemichel.com\/\"},{\"@type\":\"ListItem\",\"position\":2,\"name\":\"Boutique\",\"item\":\"https:\/\/www.latelierdemichel.com\/index.php\/boutique\/\"},{\"@type\":\"ListItem\",\"position\":3,\"name\":\"Pri\u00e8re du Notre P\u00e8re croix J\u00e9sus\"}]},{\"@type\":\"WebSite\",\"@id\":\"https:\/\/www.latelierdemichel.com\/#website\",\"url\":\"https:\/\/www.latelierdemichel.com\/\",\"name\":\"l&#039;atelier de michel\",\"description\":\"\",\"potentialAction\":[{\"@type\":\"SearchAction\",\"target\":{\"@type\":\"EntryPoint\",\"urlTemplate\":\"https:\/\/www.latelierdemichel.com\/?s={search_term_string}\"},\"query-input\":{\"@type\":\"PropertyValueSpecification\",\"valueRequired\":true,\"valueName\":\"search_term_string\"}}],\"inLanguage\":\"fr-FR\"}]}<\/script>\n<!-- \/ Yoast SEO plugin. -->","yoast_head_json":{"title":"Pri\u00e8re du Notre P\u00e8re croix J\u00e9sus - l&#039;atelier de michel","robots":{"index":"index","follow":"follow","max-snippet":"max-snippet:-1","max-image-preview":"max-image-preview:large","max-video-preview":"max-video-preview:-1"},"canonical":"https:\/\/www.latelierdemichel.com\/index.php\/produit\/priere-du-notre-pere-croix-jesus\/","og_locale":"fr_FR","og_type":"article","og_title":"Pri\u00e8re du Notre P\u00e8re croix J\u00e9sus","og_description":"Matthieu 6:9-13 Voici donc comment vous devez prier: Notre P\u00e8re qui es aux cieux! ...Pri\u00e8re du Notre P\u00e8re Croix J\u00e9sus en bois naturel,finition huil\u00e9e.Taille 25 cm de hauteur, 25 cm de largeur, 1.9cm \u00e9paisseur.Fabrication artisanale Fran\u00e7aiseBois naturelfinition huil\u00e9eTouche de modernit\u00e9 pour votre int\u00e9rieurTravail artisanalArtisanat Fran\u00e7ais","og_url":"https:\/\/www.latelierdemichel.com\/index.php\/produit\/priere-du-notre-pere-croix-jesus\/","og_site_name":"l&#039;atelier de michel","article_publisher":"https:\/\/www.facebook.com\/ponchel.emmanuel.menuiserie\/","article_modified_time":"2023-07-15T18:56:45+00:00","og_image":[{"width":2849,"height":2928,"url":"https:\/\/www.latelierdemichel.com\/wp-content\/uploads\/2023\/07\/Notre-Pere-croix-Jesus-louis-second-bible-Matthieu-6-9.jpg","type":"image\/jpeg"}],"twitter_card":"summary_large_image","twitter_misc":{"Dur\u00e9e de lecture estim\u00e9e":"1 minute"},"schema":{"@context":"https:\/\/schema.org","@graph":[{"@type":"WebPage","@id":"https:\/\/www.latelierdemichel.com\/index.php\/produit\/priere-du-notre-pere-croix-jesus\/","url":"https:\/\/www.latelierdemichel.com\/index.php\/produit\/priere-du-notre-pere-croix-jesus\/","name":"Pri\u00e8re du Notre P\u00e8re croix J\u00e9sus - l&#039;atelier de michel","isPartOf":{"@id":"https:\/\/www.latelierdemichel.com\/#website"},"primaryImageOfPage":{"@id":"https:\/\/www.latelierdemichel.com\/index.php\/produit\/priere-du-notre-pere-croix-jesus\/#primaryimage"},"image":{"@id":"https:\/\/www.latelierdemichel.com\/index.php\/produit\/priere-du-notre-pere-croix-jesus\/#primaryimage"},"thumbnailUrl":"https:\/\/www.latelierdemichel.com\/wp-content\/uploads\/2023\/07\/Notre-Pere-croix-Jesus-louis-second-bible-Matthieu-6-9.jpg","datePublished":"2023-07-15T18:04:20+00:00","dateModified":"2023-07-15T18:56:45+00:00","breadcrumb":{"@id":"https:\/\/www.latelierdemichel.com\/index.php\/produit\/priere-du-notre-pere-croix-jesus\/#breadcrumb"},"inLanguage":"fr-FR","potentialAction":[{"@type":"ReadAction","target":["https:\/\/www.latelierdemichel.com\/index.php\/produit\/priere-du-notre-pere-croix-jesus\/"]}]},{"@type":"ImageObject","inLanguage":"fr-FR","@id":"https:\/\/www.latelierdemichel.com\/index.php\/produit\/priere-du-notre-pere-croix-jesus\/#primaryimage","url":"https:\/\/www.latelierdemichel.com\/wp-content\/uploads\/2023\/07\/Notre-Pere-croix-Jesus-louis-second-bible-Matthieu-6-9.jpg","contentUrl":"https:\/\/www.latelierdemichel.com\/wp-content\/uploads\/2023\/07\/Notre-Pere-croix-Jesus-louis-second-bible-Matthieu-6-9.jpg","width":2849,"height":2928,"caption":"Matthieu 6:9-13 Voici donc comment vous devez prier: Notre P\u00e8re qui es aux cieux! ... Pri\u00e8re du Notre P\u00e8re Croix J\u00e9sus en bois naturel, finition huil\u00e9e. Taille 25 cm de hauteur, 25 cm de largeur, 1.9cm \u00e9paisseur. Fabrication artisanale Fran\u00e7aise Bois naturel finition huil\u00e9e Touche de modernit\u00e9 pour votre int\u00e9rieur Travail artisanal Artisanat Fran\u00e7ais"},{"@type":"BreadcrumbList","@id":"https:\/\/www.latelierdemichel.com\/index.php\/produit\/priere-du-notre-pere-croix-jesus\/#breadcrumb","itemListElement":[{"@type":"ListItem","position":1,"name":"Accueil","item":"https:\/\/www.latelierdemichel.com\/"},{"@type":"ListItem","position":2,"name":"Boutique","item":"https:\/\/www.latelierdemichel.com\/index.php\/boutique\/"},{"@type":"ListItem","position":3,"name":"Pri\u00e8re du Notre P\u00e8re croix J\u00e9sus"}]},{"@type":"WebSite","@id":"https:\/\/www.latelierdemichel.com\/#website","url":"https:\/\/www.latelierdemichel.com\/","name":"l&#039;atelier de michel","description":"","potentialAction":[{"@type":"SearchAction","target":{"@type":"EntryPoint","urlTemplate":"https:\/\/www.latelierdemichel.com\/?s={search_term_string}"},"query-input":{"@type":"PropertyValueSpecification","valueRequired":true,"valueName":"search_term_string"}}],"inLanguage":"fr-FR"}]}},"jetpack_sharing_enabled":true,"wcpa_form_fields":null,"_links":{"self":[{"href":"https:\/\/www.latelierdemichel.com\/index.php\/wp-json\/wp\/v2\/product\/3804","targetHints":{"allow":["GET"]}}],"collection":[{"href":"https:\/\/www.latelierdemichel.com\/index.php\/wp-json\/wp\/v2\/product"}],"about":[{"href":"https:\/\/www.latelierdemichel.com\/index.php\/wp-json\/wp\/v2\/types\/product"}],"wp:featuredmedia":[{"embeddable":true,"href":"https:\/\/www.latelierdemichel.com\/index.php\/wp-json\/wp\/v2\/media\/3805"}],"wp:attachment":[{"href":"https:\/\/www.latelierdemichel.com\/index.php\/wp-json\/wp\/v2\/media?parent=3804"}],"wp:term":[{"taxonomy":"product_brand","embeddable":true,"href":"https:\/\/www.latelierdemichel.com\/index.php\/wp-json\/wp\/v2\/product_brand?post=3804"},{"taxonomy":"product_cat","embeddable":true,"href":"https:\/\/www.latelierdemichel.com\/index.php\/wp-json\/wp\/v2\/product_cat?post=3804"},{"taxonomy":"product_tag","embeddable":true,"href":"https:\/\/www.latelierdemichel.com\/index.php\/wp-json\/wp\/v2\/product_tag?post=3804"}],"curies":[{"name":"wp","href":"https:\/\/api.w.org\/{rel}","templated":true}]}}